{"id":4831,"date":"2022-04-06T19:55:38","date_gmt":"2022-04-07T00:55:38","guid":{"rendered":"https:\/\/mediapraxis.net\/?page_id=4831"},"modified":"2022-05-11T17:11:31","modified_gmt":"2022-05-11T22:11:31","slug":"blog","status":"publish","type":"page","link":"https:\/\/mediapraxis.net\/en\/blog\/","title":{"rendered":"Blog"},"content":{"rendered":"<div data-elementor-type=\"wp-page\" data-elementor-id=\"4831\" class=\"elementor elementor-4831\">\n\t\t\t\t\t\t\t\t\t<section class=\"elementor-section elementor-top-section elementor-element elementor-element-324de25 elementor-section-boxed elementor-section-height-default elementor-section-height-default qodef-elementor-content-no\" data-id=\"324de25\" data-element_type=\"section\">\n\t\t\t\t\t\t<div class=\"elementor-container elementor-column-gap-default\">\n\t\t\t\t\t<div class=\"elementor-column elementor-col-100 elementor-top-column elementor-element elementor-element-b9835c7\" data-id=\"b9835c7\" data-element_type=\"column\">\n\t\t\t<div class=\"elementor-widget-wrap elementor-element-populated\">\n\t\t\t\t\t\t\t\t<div class=\"elementor-element elementor-element-ee35d0a elementor-widget elementor-widget-querida_core_blog_list\" data-id=\"ee35d0a\" data-element_type=\"widget\" data-widget_type=\"querida_core_blog_list.default\">\n\t\t\t\t<div class=\"elementor-widget-container\">\n\t\t\t<div class=\"qodef-shortcode qodef-m  qodef-blog qodef--list qodef-item-layout--standard qodef-grid qodef-layout--columns  qodef-gutter--normal qodef-col-num--1 qodef-item-layout--standard qodef-pagination--on qodef-pagination-type--standard qodef-responsive--predefined\" data-options=\"{&quot;plugin&quot;:&quot;querida_core&quot;,&quot;module&quot;:&quot;blog\\\/shortcodes&quot;,&quot;shortcode&quot;:&quot;blog-list&quot;,&quot;post_type&quot;:&quot;post&quot;,&quot;next_page&quot;:&quot;2&quot;,&quot;max_pages_num&quot;:3,&quot;behavior&quot;:&quot;columns&quot;,&quot;images_proportion&quot;:&quot;full&quot;,&quot;columns&quot;:&quot;1&quot;,&quot;columns_responsive&quot;:&quot;predefined&quot;,&quot;space&quot;:&quot;normal&quot;,&quot;posts_per_page&quot;:&quot;5&quot;,&quot;orderby&quot;:&quot;date&quot;,&quot;order&quot;:&quot;DESC&quot;,&quot;layout&quot;:&quot;standard&quot;,&quot;title_tag&quot;:&quot;h2&quot;,&quot;excerpt_length&quot;:&quot;500&quot;,&quot;pagination_type&quot;:&quot;standard&quot;,&quot;object_class_name&quot;:&quot;QueridaCoreBlogListShortcode&quot;,&quot;taxonomy_filter&quot;:&quot;category&quot;,&quot;space_value&quot;:15}\">\n\t\t<div class=\"qodef-grid-inner clear\">\n\t\t<article class=\"qodef-e qodef-grid-item qodef-item--full post-6121 post type-post status-publish format-standard has-post-thumbnail hentry category-blog\">\n\t<div class=\"qodef-e-inner\">\n\t\t<div class=\"qodef-e-media\">\n\t\t<div class=\"qodef-e-media-image\">\n\t\t\t\t\t<a itemprop=\"url\" href=\"https:\/\/mediapraxis.net\/en\/guia-actualizada-de-tamanos-de-imagenes-para-facebook-2023\/\">\n\t\t\t\t\t<img loading=\"lazy\" decoding=\"async\" width=\"1300\" height=\"876\" src=\"https:\/\/mediapraxis.net\/wp-content\/uploads\/2023\/09\/blog_13SEP2023.jpg\" class=\"attachment-full size-full wp-post-image\" alt=\"\" srcset=\"https:\/\/mediapraxis.net\/wp-content\/uploads\/2023\/09\/blog_13SEP2023.jpg 1300w, https:\/\/mediapraxis.net\/wp-content\/uploads\/2023\/09\/blog_13SEP2023-300x202.jpg 300w, https:\/\/mediapraxis.net\/wp-content\/uploads\/2023\/09\/blog_13SEP2023-1024x690.jpg 1024w, https:\/\/mediapraxis.net\/wp-content\/uploads\/2023\/09\/blog_13SEP2023-768x518.jpg 768w, https:\/\/mediapraxis.net\/wp-content\/uploads\/2023\/09\/blog_13SEP2023-18x12.jpg 18w\" sizes=\"auto, (max-width: 1300px) 100vw, 1300px\" \/>\t\t\t\t\t<\/a>\n\t\t\t\t\t<\/div>\n<\/div>\t\t<div class=\"qodef-e-content\">\n\t\t\t<div class=\"qodef-e-info qodef-info--top\">\n\t\t\t\t<div itemprop=\"dateCreated\" class=\"qodef-e-info-item qodef-e-info-date entry-date\">\n\t<a itemprop=\"url\" href=\"https:\/\/mediapraxis.net\/en\/2023\/09\/\">13 September, 2023<\/a>\n\t<meta itemprop=\"interactionCount\" content=\"UserComments: 0\"\/>\n<\/div><div class=\"qodef-e-info-item qodef-e-info-author\">\n\t<span class=\"qodef-e-info-author-label\">by<\/span>\n\t<a itemprop=\"author\" class=\"qodef-e-info-author-link\" href=\"https:\/\/mediapraxis.net\/en\/author\/mediapraxis\/\">\n\t\t@MediaPraxis\t<\/a>\n<\/div><div class=\"qodef-e-info-item qodef-e-info-category\">\n\t<a href=\"https:\/\/mediapraxis.net\/en\/category\/blog\/\" rel=\"category tag\">Blog<\/a><\/div>\t\t\t<\/div>\n\t\t\t<div class=\"qodef-e-text\">\n\t\t\t\t<h2 itemprop=\"name\" class=\"qodef-e-title entry-title\">\n\t\t\t<a itemprop=\"url\" class=\"qodef-e-title-link\" href=\"https:\/\/mediapraxis.net\/en\/guia-actualizada-de-tamanos-de-imagenes-para-facebook-2023\/\">\n\t\t\tGu\u00eda actualizada de tama\u00f1os de im\u00e1genes para Facebook 2023\t\t\t<\/a>\n\t<\/h2>\t\t<p itemprop=\"description\" class=\"qodef-e-excerpt\">\n\t\t\tEn el mundo de las redes sociales, mantenerse al d\u00eda con las \u00faltimas actualizaciones y dimensiones de im\u00e1genes es esencial para garantizar que los contenidos planificados se vean y compartan de la mejor manera posible. En el caso de plataformas como Facebook, las im\u00e1genes desempe\u00f1an un papel fundamental en la captaci\u00f3n de la atenci\u00f3n de [&hellip;]\t\t<\/p>\n\t\t\t\t<\/div>\n\t\t\t<div class=\"qodef-e-info qodef-info--bottom\">\n\t\t\t\t<div class=\"qodef-e-info-left\">\n\t\t\t\t\t\t\t\t\t<\/div>\n\t\t\t<\/div>\n\t\t<\/div>\n\t<\/div>\n<\/article><article class=\"qodef-e qodef-grid-item qodef-item--full post-5918 post type-post status-publish format-standard has-post-thumbnail hentry category-blog\">\n\t<div class=\"qodef-e-inner\">\n\t\t<div class=\"qodef-e-media\">\n\t\t<div class=\"qodef-e-media-image\">\n\t\t\t\t\t<a itemprop=\"url\" href=\"https:\/\/mediapraxis.net\/en\/guia-para-el-uso-de-hashtags-en-instagram-son-relevantes-en-el-2023\/\">\n\t\t\t\t\t<img loading=\"lazy\" decoding=\"async\" width=\"1300\" height=\"876\" src=\"https:\/\/mediapraxis.net\/wp-content\/uploads\/2023\/08\/blog_23AGO2023.jpg\" class=\"attachment-full size-full wp-post-image\" alt=\"\" srcset=\"https:\/\/mediapraxis.net\/wp-content\/uploads\/2023\/08\/blog_23AGO2023.jpg 1300w, https:\/\/mediapraxis.net\/wp-content\/uploads\/2023\/08\/blog_23AGO2023-300x202.jpg 300w, https:\/\/mediapraxis.net\/wp-content\/uploads\/2023\/08\/blog_23AGO2023-1024x690.jpg 1024w, https:\/\/mediapraxis.net\/wp-content\/uploads\/2023\/08\/blog_23AGO2023-768x518.jpg 768w, https:\/\/mediapraxis.net\/wp-content\/uploads\/2023\/08\/blog_23AGO2023-18x12.jpg 18w\" sizes=\"auto, (max-width: 1300px) 100vw, 1300px\" \/>\t\t\t\t\t<\/a>\n\t\t\t\t\t<\/div>\n<\/div>\t\t<div class=\"qodef-e-content\">\n\t\t\t<div class=\"qodef-e-info qodef-info--top\">\n\t\t\t\t<div itemprop=\"dateCreated\" class=\"qodef-e-info-item qodef-e-info-date entry-date\">\n\t<a itemprop=\"url\" href=\"https:\/\/mediapraxis.net\/en\/2023\/08\/\">23 August, 2023<\/a>\n\t<meta itemprop=\"interactionCount\" content=\"UserComments: 0\"\/>\n<\/div><div class=\"qodef-e-info-item qodef-e-info-author\">\n\t<span class=\"qodef-e-info-author-label\">by<\/span>\n\t<a itemprop=\"author\" class=\"qodef-e-info-author-link\" href=\"https:\/\/mediapraxis.net\/en\/author\/mediapraxis\/\">\n\t\t@MediaPraxis\t<\/a>\n<\/div><div class=\"qodef-e-info-item qodef-e-info-category\">\n\t<a href=\"https:\/\/mediapraxis.net\/en\/category\/blog\/\" rel=\"category tag\">Blog<\/a><\/div>\t\t\t<\/div>\n\t\t\t<div class=\"qodef-e-text\">\n\t\t\t\t<h2 itemprop=\"name\" class=\"qodef-e-title entry-title\">\n\t\t\t<a itemprop=\"url\" class=\"qodef-e-title-link\" href=\"https:\/\/mediapraxis.net\/en\/guia-para-el-uso-de-hashtags-en-instagram-son-relevantes-en-el-2023\/\">\n\t\t\tGu\u00eda para el uso de Hashtags en Instagram: \u00bfSon relevantes en el 2023?\t\t\t<\/a>\n\t<\/h2>\t\t<p itemprop=\"description\" class=\"qodef-e-excerpt\">\n\t\t\tLos Hashtags en Instagram han transformado la forma en que las marcas y los individuos interact\u00faan en l\u00ednea, pero \u00bfSiguen siendo el camino para aumentar la visibilidad de las empresas en Instagram?. Veamos si siguien siendo tan vitales y c\u00f3mo usarlos efectivamente los hashtags en el 2023. Estrategias de Hashtags en Instagram 2023 Con la [&hellip;]\t\t<\/p>\n\t\t\t\t<\/div>\n\t\t\t<div class=\"qodef-e-info qodef-info--bottom\">\n\t\t\t\t<div class=\"qodef-e-info-left\">\n\t\t\t\t\t\t\t\t\t<\/div>\n\t\t\t<\/div>\n\t\t<\/div>\n\t<\/div>\n<\/article><article class=\"qodef-e qodef-grid-item qodef-item--full post-5803 post type-post status-publish format-standard has-post-thumbnail hentry category-blog\">\n\t<div class=\"qodef-e-inner\">\n\t\t<div class=\"qodef-e-media\">\n\t\t<div class=\"qodef-e-media-image\">\n\t\t\t\t\t<a itemprop=\"url\" href=\"https:\/\/mediapraxis.net\/en\/que-es-threads\/\">\n\t\t\t\t\t<img loading=\"lazy\" decoding=\"async\" width=\"1300\" height=\"876\" src=\"https:\/\/mediapraxis.net\/wp-content\/uploads\/2023\/08\/blog_8AGO2023.jpg\" class=\"attachment-full size-full wp-post-image\" alt=\"\" srcset=\"https:\/\/mediapraxis.net\/wp-content\/uploads\/2023\/08\/blog_8AGO2023.jpg 1300w, https:\/\/mediapraxis.net\/wp-content\/uploads\/2023\/08\/blog_8AGO2023-300x202.jpg 300w, https:\/\/mediapraxis.net\/wp-content\/uploads\/2023\/08\/blog_8AGO2023-1024x690.jpg 1024w, https:\/\/mediapraxis.net\/wp-content\/uploads\/2023\/08\/blog_8AGO2023-768x518.jpg 768w, https:\/\/mediapraxis.net\/wp-content\/uploads\/2023\/08\/blog_8AGO2023-18x12.jpg 18w\" sizes=\"auto, (max-width: 1300px) 100vw, 1300px\" \/>\t\t\t\t\t<\/a>\n\t\t\t\t\t<\/div>\n<\/div>\t\t<div class=\"qodef-e-content\">\n\t\t\t<div class=\"qodef-e-info qodef-info--top\">\n\t\t\t\t<div itemprop=\"dateCreated\" class=\"qodef-e-info-item qodef-e-info-date entry-date\">\n\t<a itemprop=\"url\" href=\"https:\/\/mediapraxis.net\/en\/2023\/08\/\">8 August, 2023<\/a>\n\t<meta itemprop=\"interactionCount\" content=\"UserComments: 0\"\/>\n<\/div><div class=\"qodef-e-info-item qodef-e-info-author\">\n\t<span class=\"qodef-e-info-author-label\">by<\/span>\n\t<a itemprop=\"author\" class=\"qodef-e-info-author-link\" href=\"https:\/\/mediapraxis.net\/en\/author\/mediapraxis\/\">\n\t\t@MediaPraxis\t<\/a>\n<\/div><div class=\"qodef-e-info-item qodef-e-info-category\">\n\t<a href=\"https:\/\/mediapraxis.net\/en\/category\/blog\/\" rel=\"category tag\">Blog<\/a><\/div>\t\t\t<\/div>\n\t\t\t<div class=\"qodef-e-text\">\n\t\t\t\t<h2 itemprop=\"name\" class=\"qodef-e-title entry-title\">\n\t\t\t<a itemprop=\"url\" class=\"qodef-e-title-link\" href=\"https:\/\/mediapraxis.net\/en\/que-es-threads\/\">\n\t\t\t\u00bfQu\u00e9 es Threads?\t\t\t<\/a>\n\t<\/h2>\t\t<p itemprop=\"description\" class=\"qodef-e-excerpt\">\n\t\t\tEn respuesta al constante declive de Twitter, surge Threads, la nueva red social de Mark Zuckerberg. Este es un servicio vinculado directamente a Instagram, est\u00e1 dise\u00f1ado para reemplazar a Twitter. Pero \u00bfes realmente beneficioso para los usuarios? En estas l\u00edneas, analizaremos las ventajas y desventajas de unirte a Threads en la actualidad. \u00bfQu\u00e9 es Threads [&hellip;]\t\t<\/p>\n\t\t\t\t<\/div>\n\t\t\t<div class=\"qodef-e-info qodef-info--bottom\">\n\t\t\t\t<div class=\"qodef-e-info-left\">\n\t\t\t\t\t\t\t\t\t<\/div>\n\t\t\t<\/div>\n\t\t<\/div>\n\t<\/div>\n<\/article><article class=\"qodef-e qodef-grid-item qodef-item--full post-4742 post type-post status-publish format-standard has-post-thumbnail hentry category-blog\">\n\t<div class=\"qodef-e-inner\">\n\t\t<div class=\"qodef-e-media\">\n\t\t<div class=\"qodef-e-media-image\">\n\t\t\t\t\t<a itemprop=\"url\" href=\"https:\/\/mediapraxis.net\/en\/social-listening-la-nueva-tendencia-para-el-monitoreo-del-entorno-digital\/\">\n\t\t\t\t\t<img loading=\"lazy\" decoding=\"async\" width=\"960\" height=\"560\" src=\"https:\/\/mediapraxis.net\/wp-content\/uploads\/2022\/04\/blog_13AGO2020.jpg\" class=\"attachment-full size-full wp-post-image\" alt=\"blog social listening 2\" srcset=\"https:\/\/mediapraxis.net\/wp-content\/uploads\/2022\/04\/blog_13AGO2020.jpg 960w, https:\/\/mediapraxis.net\/wp-content\/uploads\/2022\/04\/blog_13AGO2020-300x175.jpg 300w, https:\/\/mediapraxis.net\/wp-content\/uploads\/2022\/04\/blog_13AGO2020-768x448.jpg 768w\" sizes=\"auto, (max-width: 960px) 100vw, 960px\" \/>\t\t\t\t\t<\/a>\n\t\t\t\t\t<\/div>\n<\/div>\t\t<div class=\"qodef-e-content\">\n\t\t\t<div class=\"qodef-e-info qodef-info--top\">\n\t\t\t\t<div itemprop=\"dateCreated\" class=\"qodef-e-info-item qodef-e-info-date entry-date\">\n\t<a itemprop=\"url\" href=\"https:\/\/mediapraxis.net\/en\/2020\/08\/\">13 August, 2020<\/a>\n\t<meta itemprop=\"interactionCount\" content=\"UserComments: 0\"\/>\n<\/div><div class=\"qodef-e-info-item qodef-e-info-author\">\n\t<span class=\"qodef-e-info-author-label\">by<\/span>\n\t<a itemprop=\"author\" class=\"qodef-e-info-author-link\" href=\"https:\/\/mediapraxis.net\/en\/author\/mediapraxis\/\">\n\t\t@MediaPraxis\t<\/a>\n<\/div><div class=\"qodef-e-info-item qodef-e-info-category\">\n\t<a href=\"https:\/\/mediapraxis.net\/en\/category\/blog\/\" rel=\"category tag\">Blog<\/a><\/div>\t\t\t<\/div>\n\t\t\t<div class=\"qodef-e-text\">\n\t\t\t\t<h2 itemprop=\"name\" class=\"qodef-e-title entry-title\">\n\t\t\t<a itemprop=\"url\" class=\"qodef-e-title-link\" href=\"https:\/\/mediapraxis.net\/en\/social-listening-la-nueva-tendencia-para-el-monitoreo-del-entorno-digital\/\">\n\t\t\tSocial Listening, la nueva tendencia para el monitoreo digital\t\t\t<\/a>\n\t<\/h2>\t\t<p itemprop=\"description\" class=\"qodef-e-excerpt\">\n\t\t\t\u00bfTe has cuestionado si tus esfuerzos en medios digitales son los correctos? \u00bfSientes que tu empresa no avanza en el entorno digital? Es normal que empieces a cuestionarte esto si no estas seguro de lo que tu p\u00fablico necesita consumir digitalmente, quiz\u00e1s tu contenido es repetitivo, posiblemente ya no sea del agrado de tus consumidores [&hellip;]\t\t<\/p>\n\t\t\t\t<\/div>\n\t\t\t<div class=\"qodef-e-info qodef-info--bottom\">\n\t\t\t\t<div class=\"qodef-e-info-left\">\n\t\t\t\t\t\t\t\t\t<\/div>\n\t\t\t<\/div>\n\t\t<\/div>\n\t<\/div>\n<\/article><article class=\"qodef-e qodef-grid-item qodef-item--full post-4753 post type-post status-publish format-standard has-post-thumbnail hentry category-blog\">\n\t<div class=\"qodef-e-inner\">\n\t\t<div class=\"qodef-e-media\">\n\t\t<div class=\"qodef-e-media-image\">\n\t\t\t\t\t<a itemprop=\"url\" href=\"https:\/\/mediapraxis.net\/en\/conoces-que-es-un-content-management-system-cms\/\">\n\t\t\t\t\t<img loading=\"lazy\" decoding=\"async\" width=\"960\" height=\"560\" src=\"https:\/\/mediapraxis.net\/wp-content\/uploads\/2020\/07\/blog_21JUL2020.jpg\" class=\"attachment-full size-full wp-post-image\" alt=\"CMS Content Management System\" srcset=\"https:\/\/mediapraxis.net\/wp-content\/uploads\/2020\/07\/blog_21JUL2020.jpg 960w, https:\/\/mediapraxis.net\/wp-content\/uploads\/2020\/07\/blog_21JUL2020-300x175.jpg 300w, https:\/\/mediapraxis.net\/wp-content\/uploads\/2020\/07\/blog_21JUL2020-768x448.jpg 768w, https:\/\/mediapraxis.net\/wp-content\/uploads\/2020\/07\/blog_21JUL2020-18x12.jpg 18w\" sizes=\"auto, (max-width: 960px) 100vw, 960px\" \/>\t\t\t\t\t<\/a>\n\t\t\t\t\t<\/div>\n<\/div>\t\t<div class=\"qodef-e-content\">\n\t\t\t<div class=\"qodef-e-info qodef-info--top\">\n\t\t\t\t<div itemprop=\"dateCreated\" class=\"qodef-e-info-item qodef-e-info-date entry-date\">\n\t<a itemprop=\"url\" href=\"https:\/\/mediapraxis.net\/en\/2020\/07\/\">21 July, 2020<\/a>\n\t<meta itemprop=\"interactionCount\" content=\"UserComments: 0\"\/>\n<\/div><div class=\"qodef-e-info-item qodef-e-info-author\">\n\t<span class=\"qodef-e-info-author-label\">by<\/span>\n\t<a itemprop=\"author\" class=\"qodef-e-info-author-link\" href=\"https:\/\/mediapraxis.net\/en\/author\/mediapraxis\/\">\n\t\t@MediaPraxis\t<\/a>\n<\/div><div class=\"qodef-e-info-item qodef-e-info-category\">\n\t<a href=\"https:\/\/mediapraxis.net\/en\/category\/blog\/\" rel=\"category tag\">Blog<\/a><\/div>\t\t\t<\/div>\n\t\t\t<div class=\"qodef-e-text\">\n\t\t\t\t<h2 itemprop=\"name\" class=\"qodef-e-title entry-title\">\n\t\t\t<a itemprop=\"url\" class=\"qodef-e-title-link\" href=\"https:\/\/mediapraxis.net\/en\/conoces-que-es-un-content-management-system-cms\/\">\n\t\t\tCMS: \u00bfConoces qu\u00e9 es un Content Management System?\t\t\t<\/a>\n\t<\/h2>\t\t<p itemprop=\"description\" class=\"qodef-e-excerpt\">\n\t\t\tEl Content Management System o CMS ha sido dise\u00f1ada para el manejo de contenido en un sitio web. Tiene como eje principal la practicidad del desarrollo y su uso como tal, logrando as\u00ed una mejor administraci\u00f3n por parte de personas que no cuenten con un gran conocimiento en programaci\u00f3n de p\u00e1ginas web. Pero \u00bfc\u00f3mo est\u00e1 [&hellip;]\t\t<\/p>\n\t\t\t\t<\/div>\n\t\t\t<div class=\"qodef-e-info qodef-info--bottom\">\n\t\t\t\t<div class=\"qodef-e-info-left\">\n\t\t\t\t\t\t\t\t\t<\/div>\n\t\t\t<\/div>\n\t\t<\/div>\n\t<\/div>\n<\/article>\t<\/div>\n\t\t<div class=\"qodef-m-pagination qodef--standard\">\n\t\t<div class=\"qodef-m-pagination-inner\">\n\t\t\t<nav class=\"qodef-m-pagination-items\" role=\"navigation\">\n\t\t\t\t<div class=\"qodef-m-pagination-item qodef--prev\">\n\t\t\t\t\t<a href=\"#\" data-paged=\"1\">\n\t\t\t\t\t\t<span class=\"qodef-icon-font-awesome fas fa-chevron-left\" ><\/span>\t\t\t\t\t<\/a>\n\t\t\t\t<\/div>\n\t\t\t\t\t\t\t\t\t<div class=\"qodef-m-pagination-item qodef--number qodef--number-1 qodef--active\">\n\t\t\t\t\t\t<a href=\"#\" data-paged=\"1\"> 1<\/a>\n\t\t\t\t\t<\/div>\n\t\t\t\t\t\t\t\t\t<div class=\"qodef-m-pagination-item qodef--number qodef--number-2\">\n\t\t\t\t\t\t<a href=\"#\" data-paged=\"2\"> 2<\/a>\n\t\t\t\t\t<\/div>\n\t\t\t\t\t\t\t\t\t<div class=\"qodef-m-pagination-item qodef--number qodef--number-3\">\n\t\t\t\t\t\t<a href=\"#\" data-paged=\"3\"> 3<\/a>\n\t\t\t\t\t<\/div>\n\t\t\t\t\t\t\t\t<div class=\"qodef-m-pagination-item qodef--next\">\n\t\t\t\t\t<a href=\"#\" data-paged=\"2\">\n\t\t\t\t\t\t<span class=\"qodef-icon-font-awesome fas fa-chevron-right\" ><\/span>\t\t\t\t\t<\/a>\n\t\t\t\t<\/div>\n\t\t\t<\/nav>\n\t\t<\/div>\n\t<\/div>\n<\/div>\t\t<\/div>\n\t\t\t\t<\/div>\n\t\t\t\t\t<\/div>\n\t\t<\/div>\n\t\t\t\t\t\t\t<\/div>\n\t\t<\/section>\n\t\t\t\t\t\t\t<\/div>","protected":false},"excerpt":{"rendered":"<p>13 Agosto, 2020 by @MediaPraxis Blog Social Listening, la nueva tendencia para el monitoreo del entorno digital \u00bfTe has cuestionado si tus esfuerzos en medios digitales son los correctos? \u00bfSientes que tu empresa no avanza en el entorno digital? Es normal que empieces a cuestionarte esto si no estas seguro de lo que tu p\u00fablico [&hellip;]<\/p>","protected":false},"author":1,"featured_media":0,"parent":0,"menu_order":0,"comment_status":"closed","ping_status":"closed","template":"","meta":{"_mi_skip_tracking":false,"_monsterinsights_sitenote_active":false,"_monsterinsights_sitenote_note":"","_monsterinsights_sitenote_category":0,"_joinchat":[],"footnotes":""},"class_list":["post-4831","page","type-page","status-publish","hentry"],"yoast_head":"<!-- This site is optimized with the Yoast SEO plugin v21.1 - https:\/\/yoast.com\/wordpress\/plugins\/seo\/ -->\n<title>Blog<\/title>\n<meta name=\"description\" content=\"Visita nuestro blog y conoce las principales tendencias en comunicaci\u00f3n digital, reputaci\u00f3n online e identidad visual.\" \/>\n<meta name=\"robots\" content=\"index, follow, max-snippet:-1, max-image-preview:large, max-video-preview:-1\" \/>\n<link rel=\"canonical\" href=\"https:\/\/mediapraxis.net\/en\/blog\/\" \/>\n<meta property=\"og:locale\" content=\"en_US\" \/>\n<meta property=\"og:type\" content=\"article\" \/>\n<meta property=\"og:title\" content=\"Blog\" \/>\n<meta property=\"og:description\" content=\"Visita nuestro blog y conoce las principales tendencias en comunicaci\u00f3n digital, reputaci\u00f3n online e identidad visual.\" \/>\n<meta property=\"og:url\" content=\"https:\/\/mediapraxis.net\/en\/blog\/\" \/>\n<meta property=\"og:site_name\" content=\"Media Praxis\" \/>\n<meta property=\"article:modified_time\" content=\"2022-05-11T22:11:31+00:00\" \/>\n<meta property=\"og:image\" content=\"https:\/\/mediapraxis.net\/wp-content\/uploads\/2020\/02\/blog-single-standard.jpg\" \/>\n<meta name=\"twitter:card\" content=\"summary_large_image\" \/>\n<meta name=\"twitter:label1\" content=\"Est. reading time\" \/>\n\t<meta name=\"twitter:data1\" content=\"3 minutes\" \/>\n<script type=\"application\/ld+json\" class=\"yoast-schema-graph\">{\"@context\":\"https:\/\/schema.org\",\"@graph\":[{\"@type\":\"WebPage\",\"@id\":\"https:\/\/mediapraxis.net\/blog\/\",\"url\":\"https:\/\/mediapraxis.net\/blog\/\",\"name\":\"Blog\",\"isPartOf\":{\"@id\":\"https:\/\/mediapraxis.net\/#website\"},\"datePublished\":\"2022-04-07T00:55:38+00:00\",\"dateModified\":\"2022-05-11T22:11:31+00:00\",\"description\":\"Visita nuestro blog y conoce las principales tendencias en comunicaci\u00f3n digital, reputaci\u00f3n online e identidad visual.\",\"breadcrumb\":{\"@id\":\"https:\/\/mediapraxis.net\/blog\/#breadcrumb\"},\"inLanguage\":\"en-US\",\"potentialAction\":[{\"@type\":\"ReadAction\",\"target\":[\"https:\/\/mediapraxis.net\/blog\/\"]}]},{\"@type\":\"BreadcrumbList\",\"@id\":\"https:\/\/mediapraxis.net\/blog\/#breadcrumb\",\"itemListElement\":[{\"@type\":\"ListItem\",\"position\":1,\"name\":\"Portada\",\"item\":\"https:\/\/mediapraxis.net\/\"},{\"@type\":\"ListItem\",\"position\":2,\"name\":\"Blog\"}]},{\"@type\":\"WebSite\",\"@id\":\"https:\/\/mediapraxis.net\/#website\",\"url\":\"https:\/\/mediapraxis.net\/\",\"name\":\"Media Praxis\",\"description\":\"Comunicaci\u00f3n digital, reputaci\u00f3n online, identidad visual y PR\",\"potentialAction\":[{\"@type\":\"SearchAction\",\"target\":{\"@type\":\"EntryPoint\",\"urlTemplate\":\"https:\/\/mediapraxis.net\/?s={search_term_string}\"},\"query-input\":\"required name=search_term_string\"}],\"inLanguage\":\"en-US\"}]}<\/script>\n<!-- \/ Yoast SEO plugin. -->","yoast_head_json":{"title":"Blog","description":"Visita nuestro blog y conoce las principales tendencias en comunicaci\u00f3n digital, reputaci\u00f3n online e identidad visual.","robots":{"index":"index","follow":"follow","max-snippet":"max-snippet:-1","max-image-preview":"max-image-preview:large","max-video-preview":"max-video-preview:-1"},"canonical":"https:\/\/mediapraxis.net\/en\/blog\/","og_locale":"en_US","og_type":"article","og_title":"Blog","og_description":"Visita nuestro blog y conoce las principales tendencias en comunicaci\u00f3n digital, reputaci\u00f3n online e identidad visual.","og_url":"https:\/\/mediapraxis.net\/en\/blog\/","og_site_name":"Media Praxis","article_modified_time":"2022-05-11T22:11:31+00:00","og_image":[{"url":"https:\/\/mediapraxis.net\/wp-content\/uploads\/2020\/02\/blog-single-standard.jpg"}],"twitter_card":"summary_large_image","twitter_misc":{"Est. reading time":"3 minutes"},"schema":{"@context":"https:\/\/schema.org","@graph":[{"@type":"WebPage","@id":"https:\/\/mediapraxis.net\/blog\/","url":"https:\/\/mediapraxis.net\/blog\/","name":"Blog","isPartOf":{"@id":"https:\/\/mediapraxis.net\/#website"},"datePublished":"2022-04-07T00:55:38+00:00","dateModified":"2022-05-11T22:11:31+00:00","description":"Visita nuestro blog y conoce las principales tendencias en comunicaci\u00f3n digital, reputaci\u00f3n online e identidad visual.","breadcrumb":{"@id":"https:\/\/mediapraxis.net\/blog\/#breadcrumb"},"inLanguage":"en-US","potentialAction":[{"@type":"ReadAction","target":["https:\/\/mediapraxis.net\/blog\/"]}]},{"@type":"BreadcrumbList","@id":"https:\/\/mediapraxis.net\/blog\/#breadcrumb","itemListElement":[{"@type":"ListItem","position":1,"name":"Portada","item":"https:\/\/mediapraxis.net\/"},{"@type":"ListItem","position":2,"name":"Blog"}]},{"@type":"WebSite","@id":"https:\/\/mediapraxis.net\/#website","url":"https:\/\/mediapraxis.net\/","name":"Media Praxis","description":"Comunicaci\u00f3n digital, reputaci\u00f3n online, identidad visual y PR","potentialAction":[{"@type":"SearchAction","target":{"@type":"EntryPoint","urlTemplate":"https:\/\/mediapraxis.net\/?s={search_term_string}"},"query-input":"required name=search_term_string"}],"inLanguage":"en-US"}]}},"_links":{"self":[{"href":"https:\/\/mediapraxis.net\/en\/wp-json\/wp\/v2\/pages\/4831","targetHints":{"allow":["GET"]}}],"collection":[{"href":"https:\/\/mediapraxis.net\/en\/wp-json\/wp\/v2\/pages"}],"about":[{"href":"https:\/\/mediapraxis.net\/en\/wp-json\/wp\/v2\/types\/page"}],"author":[{"embeddable":true,"href":"https:\/\/mediapraxis.net\/en\/wp-json\/wp\/v2\/users\/1"}],"replies":[{"embeddable":true,"href":"https:\/\/mediapraxis.net\/en\/wp-json\/wp\/v2\/comments?post=4831"}],"version-history":[{"count":7,"href":"https:\/\/mediapraxis.net\/en\/wp-json\/wp\/v2\/pages\/4831\/revisions"}],"predecessor-version":[{"id":5612,"href":"https:\/\/mediapraxis.net\/en\/wp-json\/wp\/v2\/pages\/4831\/revisions\/5612"}],"wp:attachment":[{"href":"https:\/\/mediapraxis.net\/en\/wp-json\/wp\/v2\/media?parent=4831"}],"curies":[{"name":"wp","href":"https:\/\/api.w.org\/{rel}","templated":true}]}}